{"id":10043,"date":"2026-04-03T18:36:42","date_gmt":"2026-04-03T18:36:42","guid":{"rendered":"https:\/\/deliry.com\/?page_id=10043"},"modified":"2026-04-03T18:37:20","modified_gmt":"2026-04-03T18:37:20","slug":"histoire-cents-paroles","status":"publish","type":"page","link":"https:\/\/deliry.com\/?page_id=10043","title":{"rendered":"Histoire cents paroles"},"content":{"rendered":"<div class=\"wp-block-image\">\n<figure class=\"alignright size-full is-resized\"><a href=\"https:\/\/deliry.com\/wp-content\/uploads\/2026\/04\/Alexandre.jpg\"><img loading=\"lazy\" decoding=\"async\" width=\"600\" height=\"800\" src=\"https:\/\/deliry.com\/wp-content\/uploads\/2026\/04\/Alexandre.jpg\" alt=\"\" class=\"wp-image-10880\" style=\"width:220px\" srcset=\"https:\/\/deliry.com\/wp-content\/uploads\/2026\/04\/Alexandre.jpg 600w, https:\/\/deliry.com\/wp-content\/uploads\/2026\/04\/Alexandre-225x300.jpg 225w\" sizes=\"auto, (max-width: 600px) 100vw, 600px\" \/><\/a><figcaption class=\"wp-element-caption\">Alexandre Deliry photographi\u00e9 pour ses cent ans \u2013 voir affichette<br><sup>(n\u00e9 le 20 juin 1777 \u2013 d\u00e9c\u00e9d\u00e9 le 23 septembre 1878)<\/sup><\/figcaption><\/figure>\n<\/div>\n\n\n<blockquote class=\"wp-block-quote is-layout-flow wp-block-quote-is-layout-flow\">\n<p><a href=\"https:\/\/deliry.com\/?page_id=9\" data-type=\"page\" data-id=\"9\">Accueil des Histoires Naturelles<\/a><\/p>\n<\/blockquote>\n\n\n\n<p class=\"has-medium-font-size\"><em>\u00c9l\u00e9ments de l&rsquo;histoire du Village de Liry, du fief associ\u00e9 et de la famille Deliry et autres histoires<\/em><\/p>\n\n\n<div class=\"wp-block-image\">\n<figure class=\"alignleft size-full is-resized\"><a href=\"https:\/\/deliry.com\/wp-content\/uploads\/2026\/03\/Liry.jpg\"><img loading=\"lazy\" decoding=\"async\" width=\"640\" height=\"416\" src=\"https:\/\/deliry.com\/wp-content\/uploads\/2026\/03\/Liry.jpg\" alt=\"\" class=\"wp-image-10217\" style=\"width:340px\" srcset=\"https:\/\/deliry.com\/wp-content\/uploads\/2026\/03\/Liry.jpg 640w, https:\/\/deliry.com\/wp-content\/uploads\/2026\/03\/Liry-300x195.jpg 300w\" sizes=\"auto, (max-width: 640px) 100vw, 640px\" \/><\/a><figcaption class=\"wp-element-caption\"><a href=\"https:\/\/deliry.com\/?p=10215\">Village de Liry<\/a><\/figcaption><\/figure>\n<\/div>\n\n\n<div style=\"height:12px\" aria-hidden=\"true\" class=\"wp-block-spacer\"><\/div>\n\n\n\n<p class=\"has-text-align-center has-very-light-gray-to-cyan-bluish-gray-gradient-background has-background\"><a href=\"https:\/\/deliry.com\/?p=10215\" data-type=\"post\" data-id=\"10215\">Village de Liry<\/a>&nbsp;&#8211;&nbsp;<a href=\"https:\/\/deliry.com\/?p=10215#bonne\">Bonne de Launoy, Dame de Liry<\/a><\/p>\n\n\n<div class=\"wp-block-image\">\n<figure class=\"alignright size-full is-resized\"><img loading=\"lazy\" decoding=\"async\" width=\"580\" height=\"249\" src=\"https:\/\/deliry.com\/wp-content\/uploads\/2026\/03\/Hcp.jpg\" alt=\"\" class=\"wp-image-10045\" style=\"width:400px\" srcset=\"https:\/\/deliry.com\/wp-content\/uploads\/2026\/03\/Hcp.jpg 580w, https:\/\/deliry.com\/wp-content\/uploads\/2026\/03\/Hcp-300x129.jpg 300w\" sizes=\"auto, (max-width: 580px) 100vw, 580px\" \/><\/figure>\n<\/div>\n\n\n<ul class=\"wp-block-list\">\n<li>La Gaule gauloise<\/li>\n\n\n\n<li>Les cit\u00e9es grecques et phoc\u00e9ennes<\/li>\n\n\n\n<li>La Narbonnaise romaine<\/li>\n\n\n\n<li>La Gaule gallo romaine&nbsp;(52 av. JC &#8211; 486 ap. JC)<\/li>\n\n\n\n<li>Les Francs en France<\/li>\n\n\n\n<li>Les&nbsp;Cap\u00e9tiens<\/li>\n<\/ul>\n\n\n\n<hr class=\"wp-block-separator has-alpha-channel-opacity is-style-wide\"\/>\n\n\n\n<ul class=\"wp-block-list\">\n<li><a href=\"https:\/\/deliry.com\/?p=10240\" data-type=\"post\" data-id=\"10240\">Bataille de Bouvines (27 juillet 1214)<\/a><\/li>\n\n\n\n<li><a href=\"https:\/\/deliry.com\/?p=10215#10101918\">10 octobre 1918 \u2013&nbsp;Prise de Liry par l\u2019arm\u00e9e fran\u00e7aise<\/a><\/li>\n<\/ul>\n\n\n\n<hr class=\"wp-block-separator has-alpha-channel-opacity is-style-wide\"\/>\n\n\n\n<ul class=\"wp-block-list\">\n<li><a href=\"https:\/\/deliry.com\/?p=10720\" data-type=\"post\" data-id=\"10720\">Les routes du Jade, de la Soie et les voies du Pavot<\/a><\/li>\n\n\n\n<li><a href=\"https:\/\/deliry.com\/?p=10787\" data-type=\"post\" data-id=\"10787\">Youri Gararine, premier homme dans l&rsquo;espace (12 avril 1961)<\/a><\/li>\n<\/ul>\n","protected":false},"excerpt":{"rendered":"<p>Accueil des Histoires Naturelles \u00c9l\u00e9ments de l&rsquo;histoire du Village de Liry, du fief associ\u00e9 et de la famille Deliry et autres histoires Village de Liry&nbsp;&#8211;&nbsp;Bonne &hellip; <\/p>\n","protected":false},"author":1,"featured_media":0,"parent":0,"menu_order":0,"comment_status":"closed","ping_status":"closed","template":"","meta":{"footnotes":""},"class_list":["post-10043","page","type-page","status-publish","hentry"],"_links":{"self":[{"href":"https:\/\/deliry.com\/index.php?rest_route=\/wp\/v2\/pages\/10043","targetHints":{"allow":["GET"]}}],"collection":[{"href":"https:\/\/deliry.com\/index.php?rest_route=\/wp\/v2\/pages"}],"about":[{"href":"https:\/\/deliry.com\/index.php?rest_route=\/wp\/v2\/types\/page"}],"author":[{"embeddable":true,"href":"https:\/\/deliry.com\/index.php?rest_route=\/wp\/v2\/users\/1"}],"replies":[{"embeddable":true,"href":"https:\/\/deliry.com\/index.php?rest_route=%2Fwp%2Fv2%2Fcomments&post=10043"}],"version-history":[{"count":13,"href":"https:\/\/deliry.com\/index.php?rest_route=\/wp\/v2\/pages\/10043\/revisions"}],"predecessor-version":[{"id":10882,"href":"https:\/\/deliry.com\/index.php?rest_route=\/wp\/v2\/pages\/10043\/revisions\/10882"}],"wp:attachment":[{"href":"https:\/\/deliry.com\/index.php?rest_route=%2Fwp%2Fv2%2Fmedia&parent=10043"}],"curies":[{"name":"wp","href":"https:\/\/api.w.org\/{rel}","templated":true}]}}