{"id":8623,"date":"2026-02-05T21:50:32","date_gmt":"2026-02-05T21:50:32","guid":{"rendered":"https:\/\/deliry.com\/?page_id=8623"},"modified":"2026-05-02T01:12:22","modified_gmt":"2026-05-02T01:12:22","slug":"deux-sevres","status":"publish","type":"page","link":"https:\/\/deliry.com\/?page_id=8623","title":{"rendered":"Deux-S\u00e8vres (79)"},"content":{"rendered":"\n<blockquote class=\"wp-block-quote is-layout-flow wp-block-quote-is-layout-flow\">\n<p><a href=\"https:\/\/deliry.com\/?page_id=8107\" data-type=\"page\" data-id=\"8107\">Grand Poitou<\/a><\/p>\n<\/blockquote>\n\n\n\n<p class=\"has-text-align-center has-very-light-gray-to-cyan-bluish-gray-gradient-background has-background has-medium-font-size\"><a href=\"https:\/\/deliry.com\/?page_id=7449\" data-type=\"page\" data-id=\"7449\">Niort<\/a> &#8211; <a href=\"https:\/\/deliry.com\/?p=12015\" data-type=\"post\" data-id=\"12015\">Kiwi Niort<\/a> &#8211; <a href=\"https:\/\/deliry.com\/?p=6468\" data-type=\"post\" data-id=\"6468\">M\u00e9t\u00e9o Kiwi Niort<\/a><\/p>\n\n\n\n<p><a href=\"https:\/\/www.faune-deux-sevres.org\">Faune Deux-S\u00e8vres (saisie des donn\u00e9e : collection Faune France)<\/a>&nbsp;\u279a<\/p>\n\n\n<div class=\"wp-block-image\">\n<figure class=\"alignright size-full is-resized\"><img loading=\"lazy\" decoding=\"async\" width=\"334\" height=\"115\" src=\"https:\/\/deliry.com\/wp-content\/uploads\/2026\/02\/Dsne.jpg\" alt=\"\" class=\"wp-image-8624\" style=\"width:200px\" srcset=\"https:\/\/deliry.com\/wp-content\/uploads\/2026\/02\/Dsne.jpg 334w, https:\/\/deliry.com\/wp-content\/uploads\/2026\/02\/Dsne-300x103.jpg 300w\" sizes=\"auto, (max-width: 334px) 100vw, 334px\" \/><\/figure>\n<\/div>\n\n\n<p style=\"font-size:25px\">Deux-S\u00e8vres Nature Environnement (DSNE)<\/p>\n\n\n\n<p>Voici plus de 50 ans, Deux-S\u00e8vres Nature Environnement a \u00e9t\u00e9 fond\u00e9 en, 1969. Il s&rsquo;agit d&rsquo;une association d\u00e9partementale qui&nbsp;:<\/p>\n\n\n\n<ul class=\"wp-block-list\">\n<li>Etudie, recense et pr\u00e9serve le patrimoine naturel et paysager,<\/li>\n\n\n\n<li>Participe \u00e0 la pr\u00e9servation de l&rsquo;environnement,<\/li>\n\n\n\n<li>Lutte contre les pollutions et les nuisances environnementales,<\/li>\n\n\n\n<li>Sensibilise le public dans une d\u00e9marche d&rsquo;\u00e9ducation \u00e0 l&rsquo;environnement,<\/li>\n\n\n\n<li>Fait la promotion de la pr\u00e9servation de l&rsquo;environnement.<\/li>\n<\/ul>\n\n\n\n<p style=\"font-size:25px\">Bocage des Antonins<\/p>\n\n\n\n<ul class=\"wp-block-list\">\n<li><strong>Barbier S. &amp; al. 2021<\/strong>&nbsp;&#8211; La flore de la R\u00e9serve naturelle r\u00e9gionale du bocage des Antonins (Saint-Marc-la- Lande, Deux-S\u00e8vres) \u2013&nbsp;<em>Bull. Soc. Bot. Centre-Ouest (NS),<\/em>&nbsp;52&nbsp;: 114-118.<\/li>\n<\/ul>\n\n\n\n<p style=\"font-size:25px\">Flore<\/p>\n\n\n\n<ul class=\"wp-block-list\">\n<li><strong>Souche B. 1894<\/strong>&nbsp;&#8211;&nbsp;<em>Flore du Haut-Poitou dans les d\u00e9partements des Deux-S\u00e8vres et de la Vienne.<\/em>&nbsp;&#8211; Niort&nbsp;: 372 pp.<\/li>\n<\/ul>\n\n\n\n<hr class=\"wp-block-separator has-alpha-channel-opacity is-style-wide\"\/>\n\n\n\n<ul class=\"wp-block-list\">\n<li><a href=\"http:\/\/www.sbco.fr\/category\/sbds\/\" target=\"_blank\" rel=\"noreferrer noopener\">Quelques \u00e9l\u00e9ments d&rsquo;archives de l&rsquo;ancienne Soci\u00e9t\u00e9 Botanique des Deux-S\u00e8vres<\/a>&nbsp;\u279a<\/li>\n<\/ul>\n\n\n\n<div class=\"wp-block-group has-background\" style=\"background-color:#eeeeee\"><div class=\"wp-block-group__inner-container is-layout-constrained wp-block-group-is-layout-constrained\">\n<p style=\"font-size:25px\">Araign\u00e9es<\/p>\n\n\n\n<p><a href=\"https:\/\/deliry.com\/?p=10352\" data-type=\"post\" data-id=\"10352\">Araign\u00e9es du Grand Poitou et des Deux-S\u00e8vres<\/a><\/p>\n\n\n\n<ul class=\"wp-block-list\">\n<li><strong>Santilan A. 2016<\/strong>&nbsp;&#8211;&nbsp;<em>Identification des Araign\u00e9es des Deux-S\u00e8vres.<\/em>&nbsp;&#8211; Doc. DSNE. &#8211;&nbsp;<a href=\"https:\/\/cdnfiles1.biolovision.net\/www.nature79.org\/userfiles\/COINnaturaliste\/araignees\/araigneesfacilementidentifialbes-nature79ASAntilan.pdf\" target=\"_blank\" rel=\"noreferrer noopener\">PDF LINK<\/a><\/li>\n<\/ul>\n<\/div><\/div>\n\n\n\n<div style=\"height:12px\" aria-hidden=\"true\" class=\"wp-block-spacer\"><\/div>\n\n\n\n<div class=\"wp-block-group has-background\" style=\"background:linear-gradient(294deg,rgb(238,238,238) 0%,rgb(169,184,195) 100%)\"><div class=\"wp-block-group__inner-container is-layout-constrained wp-block-group-is-layout-constrained\">\n<p style=\"font-size:25px\">Insectes<\/p>\n\n\n\n<div class=\"wp-block-group has-background\" style=\"background-color:#eeeeee\"><div class=\"wp-block-group__inner-container is-layout-constrained wp-block-group-is-layout-constrained\">\n<p><a href=\"https:\/\/deliry.com\/?p=10399\" data-type=\"post\" data-id=\"10399\">Entomologie des Deux-S\u00e8vres<\/a><\/p>\n\n\n\n<p class=\"has-pale-ocean-gradient-background has-background\">[<strong>Deliry C. 2026<\/strong>] &#8211;&nbsp;<em>Insectes des Deux-S\u00e8vres. Entomologie de Thouars \u00e0 Niort.<\/em>&nbsp;&#8211; Histoires Naturelles, mise en ligne en 2023. &#8211; <a href=\"https:\/\/deliry.com\/?p=10399\" target=\"_blank\" rel=\"noreferrer noopener\">ONLINE<\/a><\/p>\n<\/div><\/div>\n<\/div><\/div>\n\n\n\n<div style=\"height:12px\" aria-hidden=\"true\" class=\"wp-block-spacer\"><\/div>\n\n\n\n<figure class=\"wp-block-embed is-type-wp-embed is-provider-histoires-naturelles wp-block-embed-histoires-naturelles\"><div class=\"wp-block-embed__wrapper\">\n<blockquote class=\"wp-embedded-content\" data-secret=\"GMfiF4BUY4\"><a href=\"https:\/\/deliry.com\/?p=1790\">Les Libellules des Deux-S\u00e8vres se meurent, la faute \u00e0 pas d\u2019eau<\/a><\/blockquote><iframe loading=\"lazy\" class=\"wp-embedded-content\" sandbox=\"allow-scripts\" security=\"restricted\" style=\"position: absolute; visibility: hidden;\" title=\"\u00ab\u00a0Les Libellules des Deux-S\u00e8vres se meurent, la faute \u00e0 pas d\u2019eau\u00a0\u00bb &#8212; Histoires Naturelles\" src=\"https:\/\/deliry.com\/?p=1790&#038;embed=true#?secret=XwA3Nldtgj#?secret=GMfiF4BUY4\" data-secret=\"GMfiF4BUY4\" width=\"600\" height=\"338\" frameborder=\"0\" marginwidth=\"0\" marginheight=\"0\" scrolling=\"no\"><\/iframe>\n<\/div><\/figure>\n\n\n\n<p style=\"font-size:25px\">Oiseaux<\/p>\n\n\n\n<ul class=\"wp-block-list\">\n<li><strong>Bureau G. 1913<\/strong>&nbsp;\u2013 Catalogue des Rapaces et des Grimpeurs observ\u00e9s dans le canton d\u2019Argenton-Ch\u00e2teau (Deux-S\u00e8vres). \u2013&nbsp;<em>Revue fran\u00e7aise d\u2019Ornithologie,<\/em>52\/53.<\/li>\n\n\n\n<li><strong>Fouquet M. 2021<\/strong>&nbsp;\u2013&nbsp;<em>Ph\u00e9nologie des oiseaux migrateurs en Deux-S\u00e8vres. Premi\u00e8re partie&nbsp;: les laro-limicoles.<\/em>&nbsp;\u2013 Groupe Ornithologique des Deux-S\u00e8vres.<\/li>\n<\/ul>\n\n\n\n<hr class=\"wp-block-separator has-alpha-channel-opacity is-style-wide\"\/>\n\n\n\n<figure class=\"wp-block-embed is-type-wp-embed is-provider-histoires-naturelles wp-block-embed-histoires-naturelles\"><div class=\"wp-block-embed__wrapper\">\n<blockquote class=\"wp-embedded-content\" data-secret=\"BcuDcibM0U\"><a href=\"https:\/\/deliry.com\/?p=10843\">27 d\u00e9cembre 2020 \u2013 La temp\u00eate Bella (ou Hermine) \u00e0 Niort<\/a><\/blockquote><iframe loading=\"lazy\" class=\"wp-embedded-content\" sandbox=\"allow-scripts\" security=\"restricted\" style=\"position: absolute; visibility: hidden;\" title=\"\u00ab\u00a027 d\u00e9cembre 2020 \u2013 La temp\u00eate Bella (ou Hermine) \u00e0 Niort\u00a0\u00bb &#8212; Histoires Naturelles\" src=\"https:\/\/deliry.com\/?p=10843&#038;embed=true#?secret=ix0nKRfEiQ#?secret=BcuDcibM0U\" data-secret=\"BcuDcibM0U\" width=\"600\" height=\"338\" frameborder=\"0\" marginwidth=\"0\" marginheight=\"0\" scrolling=\"no\"><\/iframe>\n<\/div><\/figure>\n","protected":false},"excerpt":{"rendered":"<p>Grand Poitou Niort &#8211; Kiwi Niort &#8211; M\u00e9t\u00e9o Kiwi Niort Faune Deux-S\u00e8vres (saisie des donn\u00e9e : collection Faune France)&nbsp;\u279a Deux-S\u00e8vres Nature Environnement (DSNE) Voici plus &hellip; <\/p>\n","protected":false},"author":1,"featured_media":0,"parent":0,"menu_order":0,"comment_status":"closed","ping_status":"closed","template":"","meta":{"footnotes":""},"class_list":["post-8623","page","type-page","status-publish","hentry"],"_links":{"self":[{"href":"https:\/\/deliry.com\/index.php?rest_route=\/wp\/v2\/pages\/8623","targetHints":{"allow":["GET"]}}],"collection":[{"href":"https:\/\/deliry.com\/index.php?rest_route=\/wp\/v2\/pages"}],"about":[{"href":"https:\/\/deliry.com\/index.php?rest_route=\/wp\/v2\/types\/page"}],"author":[{"embeddable":true,"href":"https:\/\/deliry.com\/index.php?rest_route=\/wp\/v2\/users\/1"}],"replies":[{"embeddable":true,"href":"https:\/\/deliry.com\/index.php?rest_route=%2Fwp%2Fv2%2Fcomments&post=8623"}],"version-history":[{"count":19,"href":"https:\/\/deliry.com\/index.php?rest_route=\/wp\/v2\/pages\/8623\/revisions"}],"predecessor-version":[{"id":12073,"href":"https:\/\/deliry.com\/index.php?rest_route=\/wp\/v2\/pages\/8623\/revisions\/12073"}],"wp:attachment":[{"href":"https:\/\/deliry.com\/index.php?rest_route=%2Fwp%2Fv2%2Fmedia&parent=8623"}],"curies":[{"name":"wp","href":"https:\/\/api.w.org\/{rel}","templated":true}]}}